{"id":460,"date":"2021-07-23T10:34:45","date_gmt":"2021-07-23T10:34:45","guid":{"rendered":"https:\/\/www.poligonoerletxe.eus\/?page_id=460"},"modified":"2021-09-14T13:20:40","modified_gmt":"2021-09-14T13:20:40","slug":"politica-de-privacidad","status":"publish","type":"page","link":"https:\/\/www.poligonoerletxe.eus\/eu\/politica-de-privacidad\/","title":{"rendered":"Pol\u00edtica de Privacidad"},"content":{"rendered":"<p>En nuestra Entidad, hemos adaptado nuestros protocolos y pol\u00edticas de privacidad al Reglamento Europeo de Protecci\u00f3n de Datos 679\/2016 (RGPD) y a la LO 3\/2018, de 5 de diciembre, de Protecci\u00f3n de Datos personales y garant\u00eda de los derechos digitales, dado que nos preocupa la seguridad y la protecci\u00f3n de los datos que tratamos.<\/p>\n\n\n\n<h2 class=\"wp-block-heading\">1.- QUI\u00c9N ES EL RESPONSABLE DEL TRATAMIENTO DE DATOS<\/h2>\n\n\n\n<p>ASOCIACION EMPRESARIAL DEL POLIGONO INDUSTRIAL ERLETXE- ERLETXE INDUSTRIALDEKO ENPRESA ELKARTEA, con domicilio en POL. IND. ERLETXE,<br>PLATAFORMA B, NAVE 5, 48960 GALDAKAO-BIZKAIA es el responsable del correcto tratamiento de sus datos. Puede Vd. consultar sobre este tratamiento a trav\u00e9s del siguiente mail asociacion@poligonoerletxe.eus.<\/p>\n\n\n\n<h2 class=\"wp-block-heading\">2.- PARA QU\u00c9 UTILIZAMOS SUS DATOS<\/h2>\n\n\n\n<p>En ASOCIACION EMPRESARIAL DEL POLIGONO INDUSTRIAL ERLETXE- ERLETXE INDUSTRIALDEKO ENPRESA ELKARTEA tratamos la informaci\u00f3n que nos facilitan las personas interesadas con el fin de:<\/p>\n\n\n\n<ul class=\"wp-block-list\"><li>Cumplir con las prestaciones y servicios que suscribamos con el cliente<\/li><li>Tramitar y gestionar las solitudes realizadas en relaci\u00f3n a nuestros servicios.<\/li><li>Remitir informaci\u00f3n publicitaria o promocional de nuestros servicios.<\/li><li>Gestionar la suscripci\u00f3n a noticias y\/o blog de forma peri\u00f3dica.<\/li><\/ul>\n\n\n\n<h2 class=\"wp-block-heading\">\u00a03.- CU\u00c1L ES LA BASE LEGAL PARA EL TRATAMIENTO DE LOS DATOS<\/h2>\n\n\n\n<p>La utilizaci\u00f3n de los datos que nos ha facilitado a trav\u00e9s del consentimiento, es necesaria para la correcta gesti\u00f3n de las relaciones con los usuarios y, adem\u00e1s, poder cumplir con las obligaciones legales.<\/p>\n\n\n\n<p>En cualquier momento puede manifestar su oposici\u00f3n al uso de sus datos y, por lo tanto, dejar sin efecto cualquier tipo de gesti\u00f3n con los mismos, quedando \u00fanicamente sus datos bloqueados durante el tiempo legalmente previsto. Comunicarle que el no consentimiento puede conllevar que los servicios sean imposibles de prestar.<\/p>\n\n\n\n<h2 class=\"wp-block-heading\">4.- COMUNICACI\u00d3N DE DATOS<\/h2>\n\n\n\n<p>En principio no se ceder\u00e1n datos salvo obligaci\u00f3n legal. Ahora bien, compartiremos sus datos con prestadores de servicios que nos ayudan o dan<br>soporte, o colaboradores externos con quien hemos llegado a acuerdos.<\/p>\n\n\n\n<h2 class=\"wp-block-heading\">5.- CONSERVACION DE DATOS<\/h2>\n\n\n\n<p>Solamente conservaremos sus datos personales durante el tiempo necesario para cumplir con la finalidad para la que se recaban, mientras que mantengamos una relaci\u00f3n contractual, mientras que exista un requisito legal que lo obligue o mientras que Vd. no ejerza ninguno de los derechos que hagan que no podamos tratar sus datos.<\/p>\n\n\n\n<h2 class=\"wp-block-heading\">6.- C\u00d3MO PUEDO EJERCER MIS DERECHOS<\/h2>\n\n\n\n<p>Como titular de derechos, Vd. tiene el control de sus datos y, por lo tanto, en cualquier momento puede ejercitar sus derechos, envi\u00e1ndonos un mail<br>asociacion@poligonoerletxe.eus Los derechos que puede ejercitar son:<\/p>\n\n\n\n<ul class=\"wp-block-list\"><li>Acceso \u2013 Podr\u00e1 consultar sus datos personales tratados por esta Entidad<\/li><li>Rectificaci\u00f3n \u2013 Podr\u00e1 modificar sus datos personales cuando sean inexactos<\/li><li>Supresi\u00f3n \u2013 Podr\u00e1 solicitar la eliminaci\u00f3n de sus datos personales<\/li><li>Oposici\u00f3n \u2013 Podr\u00e1 solicitar que no se trate alguno de sus datos personales<\/li><li>Limitaci\u00f3n del Tratamiento \u2013 Podr\u00e1 solicitar la limitaci\u00f3n al tratamiento de sus datos<\/li><li>personales en determinadas circunstancias<\/li><li>Portabilidad \u2013 Podr\u00e1 recibir los datos personales que nos haya facilitado o que<\/li><li>hayamos obtenido en nuestra relaci\u00f3n contractual, as\u00ed como trasmitirlos a otra Entidad<\/li><\/ul>\n\n\n\n<p>Se informa a los usuarios, que tiene derecho a revocar el consentimiento en cualquier momento, sin que ello afecte a la licitud del tratamiento basado en el consentimiento previo a su retirada.<\/p>\n\n\n\n<p>As\u00ed mismo se informa a los interesados de que pueden presentar una reclamaci\u00f3n ante la Autoridad de Control en materia de Protecci\u00f3n de Datos competente, especialmente cuando no haya obtenido satisfacci\u00f3n en el ejercicio de sus derechos. <\/p>\n\n\n\n<p>Para ejercitar sus derechos, acompa\u00f1e a su solicitud una copia de su DNI o documento equivalente acreditativo de su identidad.<\/p>","protected":false},"excerpt":{"rendered":"<p>En nuestra Entidad, hemos adaptado nuestros protocolos y pol\u00edticas de privacidad al Reglamento Europeo de Protecci\u00f3n de Datos 679\/2016 (RGPD) y a la LO 3\/2018, de 5 de diciembre, de Protecci\u00f3n de Datos personales y garant\u00eda de los derechos digitales, dado que nos preocupa la seguridad y la protecci\u00f3n de los datos que tratamos. 1.- &#8230; <a title=\"Pol\u00edtica de Privacidad\" class=\"read-more\" href=\"https:\/\/www.poligonoerletxe.eus\/eu\/politica-de-privacidad\/\" aria-label=\"Read more about Pol\u00edtica de Privacidad\">Gehiago irakurri<\/a><\/p>","protected":false},"author":1,"featured_media":0,"parent":0,"menu_order":0,"comment_status":"closed","ping_status":"closed","template":"","meta":{"_acf_changed":false,"footnotes":""},"class_list":["post-460","page","type-page","status-publish"],"acf":[],"yoast_head":"<!-- This site is optimized with the Yoast SEO plugin v26.9 - https:\/\/yoast.com\/product\/yoast-seo-wordpress\/ -->\n<title>Pol\u00edtica de Privacidad - Pol\u00edgono Industrial Erletxe<\/title>\n<meta name=\"description\" content=\"Hemos adaptado nuestros protocolos y pol\u00edticas de privacidad al Reglamento Europeo de Protecci\u00f3n de Datos 679\/2016 (RGPD) y a la LO 3\/2018.\" \/>\n<meta name=\"robots\" content=\"index, follow, max-snippet:-1, max-image-preview:large, max-video-preview:-1\" \/>\n<link rel=\"canonical\" href=\"https:\/\/www.poligonoerletxe.eus\/eu\/politica-de-privacidad\/\" \/>\n<meta property=\"og:locale\" content=\"en_US\" \/>\n<meta property=\"og:type\" content=\"article\" \/>\n<meta property=\"og:title\" content=\"Pol\u00edtica de Privacidad - Pol\u00edgono Industrial Erletxe\" \/>\n<meta property=\"og:description\" content=\"Hemos adaptado nuestros protocolos y pol\u00edticas de privacidad al Reglamento Europeo de Protecci\u00f3n de Datos 679\/2016 (RGPD) y a la LO 3\/2018.\" \/>\n<meta property=\"og:url\" content=\"https:\/\/www.poligonoerletxe.eus\/eu\/politica-de-privacidad\/\" \/>\n<meta property=\"og:site_name\" content=\"Pol\u00edgono Industrial Erletxe\" \/>\n<meta property=\"article:modified_time\" content=\"2021-09-14T13:20:40+00:00\" \/>\n<meta name=\"twitter:card\" content=\"summary_large_image\" \/>\n<meta name=\"twitter:label1\" content=\"Est. reading time\" \/>\n\t<meta name=\"twitter:data1\" content=\"3 minutua\" \/>\n<script type=\"application\/ld+json\" class=\"yoast-schema-graph\">{\"@context\":\"https:\/\/schema.org\",\"@graph\":[{\"@type\":\"WebPage\",\"@id\":\"https:\/\/www.poligonoerletxe.eus\/politica-de-privacidad\/\",\"url\":\"https:\/\/www.poligonoerletxe.eus\/politica-de-privacidad\/\",\"name\":\"Pol\u00edtica de Privacidad - Pol\u00edgono Industrial Erletxe\",\"isPartOf\":{\"@id\":\"https:\/\/www.poligonoerletxe.eus\/#website\"},\"datePublished\":\"2021-07-23T10:34:45+00:00\",\"dateModified\":\"2021-09-14T13:20:40+00:00\",\"description\":\"Hemos adaptado nuestros protocolos y pol\u00edticas de privacidad al Reglamento Europeo de Protecci\u00f3n de Datos 679\/2016 (RGPD) y a la LO 3\/2018.\",\"breadcrumb\":{\"@id\":\"https:\/\/www.poligonoerletxe.eus\/politica-de-privacidad\/#breadcrumb\"},\"inLanguage\":\"eu\",\"potentialAction\":[{\"@type\":\"ReadAction\",\"target\":[\"https:\/\/www.poligonoerletxe.eus\/politica-de-privacidad\/\"]}]},{\"@type\":\"BreadcrumbList\",\"@id\":\"https:\/\/www.poligonoerletxe.eus\/politica-de-privacidad\/#breadcrumb\",\"itemListElement\":[{\"@type\":\"ListItem\",\"position\":1,\"name\":\"Inicio\",\"item\":\"https:\/\/www.poligonoerletxe.eus\/\"},{\"@type\":\"ListItem\",\"position\":2,\"name\":\"Pol\u00edtica de Privacidad\"}]},{\"@type\":\"WebSite\",\"@id\":\"https:\/\/www.poligonoerletxe.eus\/#website\",\"url\":\"https:\/\/www.poligonoerletxe.eus\/\",\"name\":\"Pol\u00edgono Industrial Erletxe\",\"description\":\"Asociaci\u00f3n Empresarial\",\"publisher\":{\"@id\":\"https:\/\/www.poligonoerletxe.eus\/#organization\"},\"potentialAction\":[{\"@type\":\"SearchAction\",\"target\":{\"@type\":\"EntryPoint\",\"urlTemplate\":\"https:\/\/www.poligonoerletxe.eus\/?s={search_term_string}\"},\"query-input\":{\"@type\":\"PropertyValueSpecification\",\"valueRequired\":true,\"valueName\":\"search_term_string\"}}],\"inLanguage\":\"eu\"},{\"@type\":\"Organization\",\"@id\":\"https:\/\/www.poligonoerletxe.eus\/#organization\",\"name\":\"Pol\u00edgono Industrial Erletxe\",\"url\":\"https:\/\/www.poligonoerletxe.eus\/\",\"logo\":{\"@type\":\"ImageObject\",\"inLanguage\":\"eu\",\"@id\":\"https:\/\/www.poligonoerletxe.eus\/#\/schema\/logo\/image\/\",\"url\":\"https:\/\/www.poligonoerletxe.eus\/wp-content\/uploads\/Logotipo-PoligonoIndustrialErletxe.png\",\"contentUrl\":\"https:\/\/www.poligonoerletxe.eus\/wp-content\/uploads\/Logotipo-PoligonoIndustrialErletxe.png\",\"width\":700,\"height\":262,\"caption\":\"Pol\u00edgono Industrial Erletxe\"},\"image\":{\"@id\":\"https:\/\/www.poligonoerletxe.eus\/#\/schema\/logo\/image\/\"}}]}<\/script>\n<!-- \/ Yoast SEO plugin. -->","yoast_head_json":{"title":"Pol\u00edtica de Privacidad - Pol\u00edgono Industrial Erletxe","description":"Hemos adaptado nuestros protocolos y pol\u00edticas de privacidad al Reglamento Europeo de Protecci\u00f3n de Datos 679\/2016 (RGPD) y a la LO 3\/2018.","robots":{"index":"index","follow":"follow","max-snippet":"max-snippet:-1","max-image-preview":"max-image-preview:large","max-video-preview":"max-video-preview:-1"},"canonical":"https:\/\/www.poligonoerletxe.eus\/eu\/politica-de-privacidad\/","og_locale":"en_US","og_type":"article","og_title":"Pol\u00edtica de Privacidad - Pol\u00edgono Industrial Erletxe","og_description":"Hemos adaptado nuestros protocolos y pol\u00edticas de privacidad al Reglamento Europeo de Protecci\u00f3n de Datos 679\/2016 (RGPD) y a la LO 3\/2018.","og_url":"https:\/\/www.poligonoerletxe.eus\/eu\/politica-de-privacidad\/","og_site_name":"Pol\u00edgono Industrial Erletxe","article_modified_time":"2021-09-14T13:20:40+00:00","twitter_card":"summary_large_image","twitter_misc":{"Est. reading time":"3 minutua"},"schema":{"@context":"https:\/\/schema.org","@graph":[{"@type":"WebPage","@id":"https:\/\/www.poligonoerletxe.eus\/politica-de-privacidad\/","url":"https:\/\/www.poligonoerletxe.eus\/politica-de-privacidad\/","name":"Pol\u00edtica de Privacidad - Pol\u00edgono Industrial Erletxe","isPartOf":{"@id":"https:\/\/www.poligonoerletxe.eus\/#website"},"datePublished":"2021-07-23T10:34:45+00:00","dateModified":"2021-09-14T13:20:40+00:00","description":"Hemos adaptado nuestros protocolos y pol\u00edticas de privacidad al Reglamento Europeo de Protecci\u00f3n de Datos 679\/2016 (RGPD) y a la LO 3\/2018.","breadcrumb":{"@id":"https:\/\/www.poligonoerletxe.eus\/politica-de-privacidad\/#breadcrumb"},"inLanguage":"eu","potentialAction":[{"@type":"ReadAction","target":["https:\/\/www.poligonoerletxe.eus\/politica-de-privacidad\/"]}]},{"@type":"BreadcrumbList","@id":"https:\/\/www.poligonoerletxe.eus\/politica-de-privacidad\/#breadcrumb","itemListElement":[{"@type":"ListItem","position":1,"name":"Inicio","item":"https:\/\/www.poligonoerletxe.eus\/"},{"@type":"ListItem","position":2,"name":"Pol\u00edtica de Privacidad"}]},{"@type":"WebSite","@id":"https:\/\/www.poligonoerletxe.eus\/#website","url":"https:\/\/www.poligonoerletxe.eus\/","name":"industrialdeak, bere enpresa-elkartearen bitartez, aktiboki parte hartuko du hurrengo Makina-Erremintaren Nazioarteko Biurtekoan (BIEMH),","description":"Asociaci\u00f3n Empresarial","publisher":{"@id":"https:\/\/www.poligonoerletxe.eus\/#organization"},"potentialAction":[{"@type":"SearchAction","target":{"@type":"EntryPoint","urlTemplate":"https:\/\/www.poligonoerletxe.eus\/?s={search_term_string}"},"query-input":{"@type":"PropertyValueSpecification","valueRequired":true,"valueName":"search_term_string"}}],"inLanguage":"eu"},{"@type":"Organization","@id":"https:\/\/www.poligonoerletxe.eus\/#organization","name":"industrialdeak, bere enpresa-elkartearen bitartez, aktiboki parte hartuko du hurrengo Makina-Erremintaren Nazioarteko Biurtekoan (BIEMH),","url":"https:\/\/www.poligonoerletxe.eus\/","logo":{"@type":"ImageObject","inLanguage":"eu","@id":"https:\/\/www.poligonoerletxe.eus\/#\/schema\/logo\/image\/","url":"https:\/\/www.poligonoerletxe.eus\/wp-content\/uploads\/Logotipo-PoligonoIndustrialErletxe.png","contentUrl":"https:\/\/www.poligonoerletxe.eus\/wp-content\/uploads\/Logotipo-PoligonoIndustrialErletxe.png","width":700,"height":262,"caption":"Pol\u00edgono Industrial Erletxe"},"image":{"@id":"https:\/\/www.poligonoerletxe.eus\/#\/schema\/logo\/image\/"}}]}},"_links":{"self":[{"href":"https:\/\/www.poligonoerletxe.eus\/eu\/wp-json\/wp\/v2\/pages\/460","targetHints":{"allow":["GET"]}}],"collection":[{"href":"https:\/\/www.poligonoerletxe.eus\/eu\/wp-json\/wp\/v2\/pages"}],"about":[{"href":"https:\/\/www.poligonoerletxe.eus\/eu\/wp-json\/wp\/v2\/types\/page"}],"author":[{"embeddable":true,"href":"https:\/\/www.poligonoerletxe.eus\/eu\/wp-json\/wp\/v2\/users\/1"}],"replies":[{"embeddable":true,"href":"https:\/\/www.poligonoerletxe.eus\/eu\/wp-json\/wp\/v2\/comments?post=460"}],"version-history":[{"count":2,"href":"https:\/\/www.poligonoerletxe.eus\/eu\/wp-json\/wp\/v2\/pages\/460\/revisions"}],"predecessor-version":[{"id":561,"href":"https:\/\/www.poligonoerletxe.eus\/eu\/wp-json\/wp\/v2\/pages\/460\/revisions\/561"}],"wp:attachment":[{"href":"https:\/\/www.poligonoerletxe.eus\/eu\/wp-json\/wp\/v2\/media?parent=460"}],"curies":[{"name":"wp","href":"https:\/\/api.w.org\/{rel}","templated":true}]}}